{"id":15638,"date":"2025-10-02T11:10:39","date_gmt":"2025-10-02T09:10:39","guid":{"rendered":"https:\/\/kul-tour.ch\/wordpress\/?page_id=15638"},"modified":"2026-08-28T15:57:00","modified_gmt":"2026-08-28T13:57:00","slug":"jahresprogramm-2026","status":"publish","type":"page","link":"https:\/\/kul-tour.ch\/wordpress\/?page_id=15638","title":{"rendered":"Rest-Jahresprogramm 2026"},"content":{"rendered":"\n<hr class=\"wp-block-separator has-alpha-channel-opacity is-style-wide\"\/>\n\n\n\n<p class=\"has-text-align-center has-medium-font-size\"><strong>Reservationen: info@kul-tour.ch oder 071 340 09 01<\/strong><\/p>\n\n\n\n<hr class=\"wp-block-separator has-alpha-channel-opacity is-style-wide\"\/>\n\n\n\n<hr class=\"wp-block-separator has-alpha-channel-opacity is-style-wide\"\/>\n\n\n\n<p class=\"has-text-align-center has-medium-font-size\"><strong>Samstag, 12. September 2026, 18.00 Uhr<\/strong><\/p>\n\n\n\n<p class=\"has-text-align-center has-medium-font-size\"><strong><a rel=\"noreferrer noopener\" href=\"https:\/\/stefanheuss.ch\" target=\"_blank\">Stefan Heuss<\/a> &#8211; &#8222;Heuss Inventioncenter&#8220;<\/strong><br>Lukas Keller &#8211; Keyboard<\/p>\n\n\n\n<figure class=\"wp-block-image size-large\"><a href=\"https:\/\/kul-tour.ch\/wordpress\/wp-content\/uploads\/2026\/08\/Heuss-f.-homepage-3.jpg\"><img decoding=\"async\" loading=\"lazy\" width=\"1024\" height=\"683\" src=\"https:\/\/kul-tour.ch\/wordpress\/wp-content\/uploads\/2026\/08\/Heuss-f.-homepage-3-1024x683.jpg\" alt=\"\" class=\"wp-image-16184\" srcset=\"https:\/\/kul-tour.ch\/wordpress\/wp-content\/uploads\/2026\/08\/Heuss-f.-homepage-3-1024x683.jpg 1024w, https:\/\/kul-tour.ch\/wordpress\/wp-content\/uploads\/2026\/08\/Heuss-f.-homepage-3-300x200.jpg 300w, https:\/\/kul-tour.ch\/wordpress\/wp-content\/uploads\/2026\/08\/Heuss-f.-homepage-3-768x512.jpg 768w, https:\/\/kul-tour.ch\/wordpress\/wp-content\/uploads\/2026\/08\/Heuss-f.-homepage-3-450x300.jpg 450w, https:\/\/kul-tour.ch\/wordpress\/wp-content\/uploads\/2026\/08\/Heuss-f.-homepage-3.jpg 1080w\" sizes=\"(max-width: 1024px) 100vw, 1024px\" \/><\/a><\/figure>\n\n\n\n<div class=\"is-layout-flex wp-container-3 wp-block-columns\">\n<div class=\"is-layout-flow wp-block-column\">\n<p><strong>Eintritt: Fr. 65.-<br>inklusive Genuss-Teller &amp; Dessert<\/strong><\/p>\n\n\n\n<p><strong><a href=\"https:\/\/kul-tour.ch\/wordpress\/?page_id=15726\" data-type=\"page\" data-id=\"15726\">m<\/a><a href=\"https:\/\/kul-tour.ch\/wordpress\/?page_id=15726\" data-type=\"page\" data-id=\"15726\" target=\"_blank\" rel=\"noreferrer noopener\">ehr lesen<\/a><\/strong><\/p>\n<\/div>\n\n\n\n<div class=\"is-layout-flow wp-block-column\">\n<p>Der &#8222;Daniel D\u00fcsentrieb&#8220; unter den Schweizer Kabarettisten&#8230;<br>Seine Erfindungen sind legend\u00e4r!<\/p>\n<\/div>\n<\/div>\n\n\n\n<hr class=\"wp-block-separator has-alpha-channel-opacity is-style-wide\"\/>\n\n\n\n<p class=\"has-text-align-center has-medium-font-size\"><strong>Sonntag, 11. Oktober 2026, 17.00 Uhr<\/strong><\/p>\n\n\n\n<p class=\"has-text-align-center has-medium-font-size\"><strong><a rel=\"noreferrer noopener\" href=\"https:\/\/www.kierangoss.com\" target=\"_blank\">Kieran Goss &amp; Annie Kinsella <\/a>&#8211; auf Europa-Tournee<\/strong><br>mit ihrem neuen Album &#8222;<em>The Song Your Heart Is Singing<\/em>&#8222;<\/p>\n\n\n\n<p class=\"has-text-align-center\"><strong><em>Das ist Balsam f\u00fcr die Seele\u2026 ein Konzert, das Sie nicht verpassen sollten!<\/em><\/strong><\/p>\n\n\n\n<p class=\"has-text-align-center has-text-color\" style=\"color:#f10d0d\"><strong>ausverkauft<\/strong><\/p>\n\n\n\n<figure class=\"wp-block-image size-large\"><a href=\"https:\/\/kul-tour.ch\/wordpress\/wp-content\/uploads\/2026\/02\/Kiran-und-Annie-f-homepage.jpeg\"><img decoding=\"async\" loading=\"lazy\" width=\"1021\" height=\"1024\" src=\"https:\/\/kul-tour.ch\/wordpress\/wp-content\/uploads\/2026\/02\/Kiran-und-Annie-f-homepage-1021x1024.jpeg\" alt=\"\" class=\"wp-image-16022\" srcset=\"https:\/\/kul-tour.ch\/wordpress\/wp-content\/uploads\/2026\/02\/Kiran-und-Annie-f-homepage-1021x1024.jpeg 1021w, https:\/\/kul-tour.ch\/wordpress\/wp-content\/uploads\/2026\/02\/Kiran-und-Annie-f-homepage-300x300.jpeg 300w, https:\/\/kul-tour.ch\/wordpress\/wp-content\/uploads\/2026\/02\/Kiran-und-Annie-f-homepage-150x150.jpeg 150w, https:\/\/kul-tour.ch\/wordpress\/wp-content\/uploads\/2026\/02\/Kiran-und-Annie-f-homepage-768x771.jpeg 768w, https:\/\/kul-tour.ch\/wordpress\/wp-content\/uploads\/2026\/02\/Kiran-und-Annie-f-homepage-1531x1536.jpeg 1531w, https:\/\/kul-tour.ch\/wordpress\/wp-content\/uploads\/2026\/02\/Kiran-und-Annie-f-homepage-2041x2048.jpeg 2041w, https:\/\/kul-tour.ch\/wordpress\/wp-content\/uploads\/2026\/02\/Kiran-und-Annie-f-homepage-299x300.jpeg 299w\" sizes=\"(max-width: 1021px) 100vw, 1021px\" \/><\/a><\/figure>\n\n\n\n<div class=\"is-layout-flex wp-container-6 wp-block-columns\">\n<div class=\"is-layout-flow wp-block-column\">\n<p><strong>Eintritt: Fr. 65.-<br>inklusive Genuss-Teller &amp; Dessert<\/strong><\/p>\n\n\n\n<p><strong><a href=\"https:\/\/kul-tour.ch\/wordpress\/?page_id=15728\" data-type=\"page\" data-id=\"15728\">mehr lesen<\/a><\/strong><\/p>\n<\/div>\n\n\n\n<div class=\"is-layout-flow wp-block-column\">\n<p>Das irische Duo <strong>Kieran <em>Goss<\/em> <\/strong><br>und <strong>Annie Kinsella<\/strong> sind seit 20 Jahren regelm\u00e4ssig Gast im KUL-TOUR auf V\u00f6gelinsegg und begeistern das Publikum mit ihrem lyrischen Gesang und herzlichen B\u00fchnenpr\u00e4senz<\/p>\n<\/div>\n<\/div>\n\n\n\n<hr class=\"wp-block-separator has-alpha-channel-opacity is-style-wide\"\/>\n\n\n\n<p class=\"has-text-align-center has-medium-font-size\"><strong>Samstag, 17.10.2026, 18.00<\/strong><\/p>\n\n\n\n<p class=\"has-text-align-center has-medium-font-size\"><a rel=\"noreferrer noopener\" href=\"\/\/michael-wrase.com\/\" target=\"_blank\"><strong>Michael Wrase<\/strong><\/a> &#8211; &#8222;Sch\u00fcsse, die nach hinten losgingen\u201c &#8211; Referat<\/p>\n\n\n\n<figure class=\"wp-block-image size-large\"><a href=\"http:\/\/kul-tour.ch\/wordpress\/wp-content\/uploads\/2025\/10\/Wrase-f.-Saiten.jpg\"><img decoding=\"async\" loading=\"lazy\" width=\"1024\" height=\"576\" src=\"http:\/\/kul-tour.ch\/wordpress\/wp-content\/uploads\/2025\/10\/Wrase-f.-Saiten-1024x576.jpg\" alt=\"\" class=\"wp-image-15764\" srcset=\"https:\/\/kul-tour.ch\/wordpress\/wp-content\/uploads\/2025\/10\/Wrase-f.-Saiten-1024x576.jpg 1024w, https:\/\/kul-tour.ch\/wordpress\/wp-content\/uploads\/2025\/10\/Wrase-f.-Saiten-300x169.jpg 300w, https:\/\/kul-tour.ch\/wordpress\/wp-content\/uploads\/2025\/10\/Wrase-f.-Saiten-768x432.jpg 768w, https:\/\/kul-tour.ch\/wordpress\/wp-content\/uploads\/2025\/10\/Wrase-f.-Saiten-500x281.jpg 500w, https:\/\/kul-tour.ch\/wordpress\/wp-content\/uploads\/2025\/10\/Wrase-f.-Saiten.jpg 1200w\" sizes=\"(max-width: 1024px) 100vw, 1024px\" \/><\/a><\/figure>\n\n\n\n<div class=\"is-layout-flex wp-container-9 wp-block-columns\">\n<div class=\"is-layout-flow wp-block-column\">\n<p><strong>Eintritt: Fr. 65.-<br>inklusive Genuss-Teller &amp; Dessert<\/strong><br><br><strong><a href=\"https:\/\/kul-tour.ch\/wordpress\/?page_id=16131\" data-type=\"page\" data-id=\"16131\" target=\"_blank\" rel=\"noreferrer noopener\">mehr lesen<\/a><\/strong><\/p>\n<\/div>\n\n\n\n<div class=\"is-layout-flow wp-block-column\">\n<p>In seinem aktuellen Vortrag analysiert der Nahostkorrespondent Michael Wrase den israelisch-amerikanischen Krieg gegen den Iran, dessen Sch\u00fcsse nach hinten losgingen&#8230;<\/p>\n<\/div>\n<\/div>\n\n\n\n<hr class=\"wp-block-separator has-alpha-channel-opacity is-style-wide\"\/>\n\n\n\n<p class=\"has-text-align-center has-medium-font-size\"><strong>Sonntag, 8. November 2026, 17.00 Uhr<\/strong><\/p>\n\n\n\n<p class=\"has-text-align-center has-medium-font-size\"><strong><a rel=\"noreferrer noopener\" href=\"https:\/\/www.judithbach.net\/\" data-type=\"URL\" data-id=\"https:\/\/www.judithbach.net\/\" target=\"_blank\">Judith Bach<\/a><a href=\"https:\/\/www.judithbach.net\/\" data-type=\"URL\" data-id=\"https:\/\/www.judithbach.net\/\"> <\/a><\/strong>als Claire allene &#8211; &#8222;Streuselkuchen&#8220;<\/p>\n\n\n\n<p class=\"has-text-align-center has-text-color\" style=\"color:#f00a0a\"><strong>ausverkauft<\/strong><\/p>\n\n\n\n<figure class=\"wp-block-image size-large\"><a href=\"https:\/\/kul-tour.ch\/wordpress\/wp-content\/uploads\/2025\/10\/Judith-Bach-f.-Saiten.jpg\"><img decoding=\"async\" loading=\"lazy\" width=\"1024\" height=\"576\" src=\"https:\/\/kul-tour.ch\/wordpress\/wp-content\/uploads\/2025\/10\/Judith-Bach-f.-Saiten-1024x576.jpg\" alt=\"\" class=\"wp-image-15688\" srcset=\"https:\/\/kul-tour.ch\/wordpress\/wp-content\/uploads\/2025\/10\/Judith-Bach-f.-Saiten-1024x576.jpg 1024w, https:\/\/kul-tour.ch\/wordpress\/wp-content\/uploads\/2025\/10\/Judith-Bach-f.-Saiten-300x169.jpg 300w, https:\/\/kul-tour.ch\/wordpress\/wp-content\/uploads\/2025\/10\/Judith-Bach-f.-Saiten-768x432.jpg 768w, https:\/\/kul-tour.ch\/wordpress\/wp-content\/uploads\/2025\/10\/Judith-Bach-f.-Saiten-500x281.jpg 500w, https:\/\/kul-tour.ch\/wordpress\/wp-content\/uploads\/2025\/10\/Judith-Bach-f.-Saiten.jpg 1200w\" sizes=\"(max-width: 1024px) 100vw, 1024px\" \/><\/a><\/figure>\n\n\n\n<div class=\"is-layout-flex wp-container-12 wp-block-columns\">\n<div class=\"is-layout-flow wp-block-column\">\n<p><strong>Eintritt: Fr. 65.-<br>inklusive Genuss-Teller &amp; Dessert<\/strong><\/p>\n\n\n\n<p><strong><a href=\"https:\/\/kul-tour.ch\/wordpress\/?page_id=15730\" data-type=\"page\" data-id=\"15730\" target=\"_blank\" rel=\"noreferrer noopener\">mehr lesen<\/a><\/strong><\/p>\n<\/div>\n\n\n\n<div class=\"is-layout-flow wp-block-column\">\n<p><strong>Chanson &#8211; Kabarett<\/strong><br>Die Berlinerin singt, philosolophiert und &#8222;verspielt&#8220; sich gut und gern am Klavier.<br>Philosophisches Chansonkabarett.<br>\u00dcberraschend, zart und frech.<\/p>\n<\/div>\n<\/div>\n\n\n\n<hr class=\"wp-block-separator has-alpha-channel-opacity is-style-wide\"\/>\n\n\n\n<p class=\"has-text-align-center has-medium-font-size\"><strong>Samstag, 5. Dezember 2026, 18.00 Uhr<\/strong><\/p>\n\n\n\n<p class=\"has-text-align-center has-medium-font-size\"><strong><a rel=\"noreferrer noopener\" href=\"https:\/\/claudediallo.com\/\" target=\"_blank\">Claude Diallo &#8211; Solo<\/a><\/strong><br>Jazz am Fl\u00fcgel<\/p>\n\n\n\n<p class=\"has-text-align-center has-text-color\" style=\"color:#f10a0a\"><strong>ausverkauft<\/strong><\/p>\n\n\n\n<figure class=\"wp-block-image size-large\"><a href=\"https:\/\/kul-tour.ch\/wordpress\/wp-content\/uploads\/2025\/10\/Claude-Diallo-f.-Saiten.jpg\"><img decoding=\"async\" loading=\"lazy\" width=\"1024\" height=\"576\" src=\"https:\/\/kul-tour.ch\/wordpress\/wp-content\/uploads\/2025\/10\/Claude-Diallo-f.-Saiten-1024x576.jpg\" alt=\"\" class=\"wp-image-15708\" srcset=\"https:\/\/kul-tour.ch\/wordpress\/wp-content\/uploads\/2025\/10\/Claude-Diallo-f.-Saiten-1024x576.jpg 1024w, https:\/\/kul-tour.ch\/wordpress\/wp-content\/uploads\/2025\/10\/Claude-Diallo-f.-Saiten-300x169.jpg 300w, https:\/\/kul-tour.ch\/wordpress\/wp-content\/uploads\/2025\/10\/Claude-Diallo-f.-Saiten-768x432.jpg 768w, https:\/\/kul-tour.ch\/wordpress\/wp-content\/uploads\/2025\/10\/Claude-Diallo-f.-Saiten-500x281.jpg 500w, https:\/\/kul-tour.ch\/wordpress\/wp-content\/uploads\/2025\/10\/Claude-Diallo-f.-Saiten.jpg 1200w\" sizes=\"(max-width: 1024px) 100vw, 1024px\" \/><\/a><\/figure>\n\n\n\n<div class=\"is-layout-flex wp-container-15 wp-block-columns\">\n<div class=\"is-layout-flow wp-block-column\">\n<p><strong>Eintritt: Fr. 65.-<br>inklusive Genuss-Teller &amp; Dessert<\/strong><\/p>\n\n\n\n<p><strong><a href=\"https:\/\/kul-tour.ch\/wordpress\/?page_id=15732\" data-type=\"page\" data-id=\"15732\" target=\"_blank\" rel=\"noreferrer noopener\">mehr lesen<\/a><\/strong><\/p>\n<\/div>\n\n\n\n<div class=\"is-layout-flow wp-block-column\">\n<p>Diallo pur: nach vielen Konzerten in grossartigen Formationen gibt Claude Diallo sein erstes Solokonzert im <br>KUL-TOUR auf V\u00f6gelinsegg&#8230;<br><\/p>\n<\/div>\n<\/div>\n","protected":false},"excerpt":{"rendered":"<p>Reservationen: info@kul-tour.ch oder 071 340 09 01 Samstag, 12. September 2026, 18.00 Uhr Stefan Heuss &#8211; &#8222;Heuss Inventioncenter&#8220;Lukas Keller &#8211; Keyboard Eintritt: Fr. 65.-inklusive Genuss-Teller &amp; Dessert mehr lesen Der &#8222;Daniel D\u00fcsentrieb&#8220; unter den Schweizer Kabarettisten&#8230;Seine Erfindungen sind legend\u00e4r! Sonntag, &hellip; <a href=\"https:\/\/kul-tour.ch\/wordpress\/?page_id=15638\">Weiterlesen <span class=\"meta-nav\">&rarr;<\/span><\/a><\/p>\n","protected":false},"author":1,"featured_media":0,"parent":0,"menu_order":0,"comment_status":"closed","ping_status":"closed","template":"","meta":{"ngg_post_thumbnail":0},"_links":{"self":[{"href":"https:\/\/kul-tour.ch\/wordpress\/index.php?rest_route=\/wp\/v2\/pages\/15638"}],"collection":[{"href":"https:\/\/kul-tour.ch\/wordpress\/index.php?rest_route=\/wp\/v2\/pages"}],"about":[{"href":"https:\/\/kul-tour.ch\/wordpress\/index.php?rest_route=\/wp\/v2\/types\/page"}],"author":[{"embeddable":true,"href":"https:\/\/kul-tour.ch\/wordpress\/index.php?rest_route=\/wp\/v2\/users\/1"}],"replies":[{"embeddable":true,"href":"https:\/\/kul-tour.ch\/wordpress\/index.php?rest_route=%2Fwp%2Fv2%2Fcomments&post=15638"}],"version-history":[{"count":116,"href":"https:\/\/kul-tour.ch\/wordpress\/index.php?rest_route=\/wp\/v2\/pages\/15638\/revisions"}],"predecessor-version":[{"id":16194,"href":"https:\/\/kul-tour.ch\/wordpress\/index.php?rest_route=\/wp\/v2\/pages\/15638\/revisions\/16194"}],"wp:attachment":[{"href":"https:\/\/kul-tour.ch\/wordpress\/index.php?rest_route=%2Fwp%2Fv2%2Fmedia&parent=15638"}],"curies":[{"name":"wp","href":"https:\/\/api.w.org\/{rel}","templated":true}]}}