{"id":2215,"date":"2013-01-08T21:38:18","date_gmt":"2013-01-08T19:38:18","guid":{"rendered":"http:\/\/kul-tour.ch\/wordpress\/?page_id=2215"},"modified":"2018-12-30T15:20:16","modified_gmt":"2018-12-30T13:20:16","slug":"verein-kultur-auf-vogelinsegg","status":"publish","type":"page","link":"https:\/\/kul-tour.ch\/wordpress\/?page_id=2215","title":{"rendered":"Verein Kultur auf V\u00f6gelinsegg (KaV)"},"content":{"rendered":"<div>\n<p><a href=\"http:\/\/kul-tour.ch\/wordpress\/wp-content\/uploads\/2012\/12\/DSCF0663.jpg\"><img decoding=\"async\" loading=\"lazy\" title=\"DSCF0663\" src=\"http:\/\/kul-tour.ch\/wordpress\/wp-content\/uploads\/2012\/12\/DSCF0663-e1356655453497.jpg\" alt=\"\" width=\"486\" height=\"289\"><\/a><\/p>\n<p>Damit KUL-TOUR auf V\u00f6gelinsegg auch gut be&#8220;h\u00fctet&#8220; ist, gibt es seit<br \/>\nFebruar 2011 den Verein &#8222;Kultur auf V\u00f6gelinsegg&#8220;,<br \/>\nder sich auf Mitglieder freut &#8211;&nbsp;auf Menschen,<\/p>\n<ul type=\"square\">\n<li>die gerne mithelfen<\/li>\n<li>die weitererz\u00e4hlen, was in &#8222;KUL-TOUR auf V\u00f6gelinsegg&#8220; l\u00e4uft<\/li>\n<li>die Ideen und Kontakte mitbringen<\/li>\n<\/ul>\n<p align=\"justify\">\u201cKultur auf V\u00f6gelinsegg\u201d, nachfolgend \u201cKaV\u201d genannt, ist ein Verein, der die F\u00f6rderung von Kultur und insbesondere die Unterst\u00fctzung des Klein-Ess-Theaters <strong>KUL-TOUR auf V\u00f6gelinsegg<\/strong> zum Ziel hat.<br \/>\nDer Verein wurde&nbsp; am 26. Februar 2011 gegr\u00fcndet, unter der Initiative von<br \/>\n<strong>Elsbeth Gallusser und Peter von Tessin<\/strong>, die beide seit \u00fcber 10 Jahren engagiert und erfolgreich KUL-TOUR auf V\u00f6gelinsegg betreiben.<\/p>\n<p align=\"justify\"><strong> Welchen Zweck verfolgen wir?<\/strong><\/p>\n<p>Wie das Kleintheater verfolgt auch der Verein&nbsp; keine wirtschaftlichen Ziele.<br \/>\nBeim Engagement des Vereins f\u00fcr \u201cKultur auf V\u00f6gelinsegg\u201d geht es nicht in erster Linie um eine finanzielle sondern auch um ideelle Unterst\u00fctzung des Kleintheaters. Diese kann in einer Mithilfe bei den verschiedenen Aktivit\u00e4ten von \u201cKUL-TOUR auf V\u00f6gelinsegg\u201d bestehen, in der Lancierung und Durchf\u00fchrung neuer Ideen zur kulturellen Nutzung der R\u00e4umlichkeiten des Kleintheaters, Schaffung und Pflege von Kontakten zu den Medien, PR u.s.w.<br \/>\nAlle Ertr\u00e4ge aus dem Theaterbetrieb fliessen weiterhin vollumf\u00e4nglich in die Stiftung<br \/>\n<a title=\"Pro Latina\" href=\"http:\/\/kul-tour.ch\/wordpress\/?page_id=2045\">\u201ePro Latina\u201c<\/a> mit Sitz in Speicher.<br \/>\nEinmal im Jahr gibt es eine Mitgliederversammlung, die auch als k\u00fcnstlerisches und kulinarisches Ereignis gestaltet wird.<\/p>\n<h1>Wie wird man Mitglied?<\/h1>\n<p>Mitglieder k\u00f6nnen alle nat\u00fcrlichen und juristischen Personen werden, die sich mit den Zielen von KaV identifizieren k\u00f6nnen.<br \/>\nDer <strong>Mitgliederbeitrag <\/strong>betr\u00e4gt f\u00fcr Einzelpersonen 30.- Fr., f\u00fcr Paare 50.- Fr. pro Jahr.<strong><br \/>\n<\/strong>\u00dcber die Aufnahme in den Verein entscheidet der Vorstand auf Grund eines schriftlichen Antrags.<br \/>\nAntr\u00e4ge und Einzahlungsscheine k\u00f6nnen direkt bei der Pr\u00e4sidentin (<a title=\"Der Vorstand \/ Kontakt zum Verein\" href=\"http:\/\/kul-tour.ch\/wordpress\/?page_id=1251\">Ulrike Fischer<\/a>) verlangt werden. <a href=\"http:\/\/kul-tour.ch\/wordpress\/wp-content\/uploads\/2012\/12\/Antrag-Mitgliedschaft1.pdf\">Antrag Mitgliedschaft<\/a><\/p>\n<\/div>\n","protected":false},"excerpt":{"rendered":"<p>Damit KUL-TOUR auf V\u00f6gelinsegg auch gut be&#8220;h\u00fctet&#8220; ist, gibt es seit Februar 2011 den Verein &#8222;Kultur auf V\u00f6gelinsegg&#8220;, der sich auf Mitglieder freut &#8211;&nbsp;auf Menschen, die gerne mithelfen die weitererz\u00e4hlen, was in &#8222;KUL-TOUR auf V\u00f6gelinsegg&#8220; l\u00e4uft die Ideen und Kontakte &hellip; <a href=\"https:\/\/kul-tour.ch\/wordpress\/?page_id=2215\">Weiterlesen <span class=\"meta-nav\">&rarr;<\/span><\/a><\/p>\n","protected":false},"author":1,"featured_media":0,"parent":1218,"menu_order":0,"comment_status":"closed","ping_status":"closed","template":"","meta":{"ngg_post_thumbnail":0},"_links":{"self":[{"href":"https:\/\/kul-tour.ch\/wordpress\/index.php?rest_route=\/wp\/v2\/pages\/2215"}],"collection":[{"href":"https:\/\/kul-tour.ch\/wordpress\/index.php?rest_route=\/wp\/v2\/pages"}],"about":[{"href":"https:\/\/kul-tour.ch\/wordpress\/index.php?rest_route=\/wp\/v2\/types\/page"}],"author":[{"embeddable":true,"href":"https:\/\/kul-tour.ch\/wordpress\/index.php?rest_route=\/wp\/v2\/users\/1"}],"replies":[{"embeddable":true,"href":"https:\/\/kul-tour.ch\/wordpress\/index.php?rest_route=%2Fwp%2Fv2%2Fcomments&post=2215"}],"version-history":[{"count":13,"href":"https:\/\/kul-tour.ch\/wordpress\/index.php?rest_route=\/wp\/v2\/pages\/2215\/revisions"}],"predecessor-version":[{"id":8687,"href":"https:\/\/kul-tour.ch\/wordpress\/index.php?rest_route=\/wp\/v2\/pages\/2215\/revisions\/8687"}],"up":[{"embeddable":true,"href":"https:\/\/kul-tour.ch\/wordpress\/index.php?rest_route=\/wp\/v2\/pages\/1218"}],"wp:attachment":[{"href":"https:\/\/kul-tour.ch\/wordpress\/index.php?rest_route=%2Fwp%2Fv2%2Fmedia&parent=2215"}],"curies":[{"name":"wp","href":"https:\/\/api.w.org\/{rel}","templated":true}]}}